{"id":1182,"date":"2020-12-29T09:39:53","date_gmt":"2020-12-29T09:39:53","guid":{"rendered":"https:\/\/arans.estrategiaspublicarte.com\/wpnew\/?page_id=1182"},"modified":"2021-01-26T13:13:32","modified_gmt":"2021-01-26T13:13:32","slug":"terminos-y-condiciones-de-la-web","status":"publish","type":"page","link":"https:\/\/arans.estrategiaspublicarte.com\/wpnew\/terminos-y-condiciones-de-la-web\/","title":{"rendered":"T\u00e9rminos y Condiciones de la web"},"content":{"rendered":"\n<p>1. OBJETO Y GENERALIDADES.<\/p>\n\n\n\n<p>1.1 Las presentes Condiciones Generales regular\u00e1n expresamente las relaciones surgidas entre https:\/\/arans.estrategiaspublicarte.com\/wpnew\/y los terceros (en adelante, \u201cUsuarios\u201d) que se den de alta como usuarios y\/o adquieran productos a trav\u00e9s de la tienda online del sitio web oficial de Arans Peluquer\u00eda y est\u00e9tica, S.L. (https:\/\/arans.estrategiaspublicarte.com\/wpnew\/ , en adelante la \u201cTienda\u201d).<\/p>\n\n\n\n<p>2. OBLIGACIONES DEL USUARIO.<\/p>\n\n\n\n<p>2.1 El Usuario se obliga, con car\u00e1cter general, a utilizar la Tienda, a adquirir los Productos y a utilizar cada uno de los servicios de la Tienda de forma diligente, de conformidad con la ley, la moral, el orden p\u00fablico y lo dispuesto en estas Condiciones Generales, y deber\u00e1 asimismo abstenerse de utilizarlos en cualquier forma que pueda impedir, da\u00f1ar o deteriorar el normal funcionamiento y disfrute de la Tienda por parte de los Usuarios o que pudiera lesionar o causar da\u00f1os a los bienes y derechos de Arans Peluquer\u00eda y est\u00e9tica, S.L., sus proveedores, Usuarios o en general de cualquier tercero.<\/p>\n\n\n\n<p>3. PRODUCTOS Y PRECIOS.<\/p>\n\n\n\n<p>3.1 Arans Peluquer\u00eda y est\u00e9tica, S.L. se reserva el derecho a decidir, en cada momento, los Productos que se ofrezcan a los Usuarios a trav\u00e9s de la Tienda. En particular, Arans Peluquer\u00eda y est\u00e9tica, S.L. podr\u00e1 en cualquier momento adicionar nuevos Productos a los ofrecidos o incluidos en la Tienda, entendi\u00e9ndose que salvo que se disponga otra cosa, tales nuevos Productos se regir\u00e1n por lo dispuesto en las presentes Condiciones Generales. Asimismo, Arans Peluquer\u00eda y est\u00e9tica, S.L. se reserva el derecho a dejar de prestar o facilitar el acceso y utilizaci\u00f3n en cualquier momento y sin previo aviso de cualquiera de las distintas clases de Productos que se ofrecen en la Tienda.<br>3.2 Los Productos incluidos en la Tienda se corresponder\u00e1n de la forma m\u00e1s fidedigna posible que permita la tecnolog\u00eda de visualizaci\u00f3n en web a los Productos efectivamente ofrecidos siempre y cuando no haya variaciones dentro de un mismo producto, en cuyo caso, puede proporcionarse tan solo una imagen gen\u00e9rica para todos. Las caracter\u00edsticas de los Productos y sus precios aparecen en la Tienda. Los precios no tienen incluidos los gastos de env\u00edo\/transporte.<br>3.3 Las ofertas presentadas en https:\/\/arans.estrategiaspublicarte.com\/wpnew\/ son v\u00e1lidas s\u00f3lo en la medida de las existencias disponibles. No obstante, ser\u00e1 informado sobre la disponibilidad de los productos ofrecidos en el momento de la autorizaci\u00f3n de su compra. Si un producto no est\u00e1 disponible despu\u00e9s de la autorizaci\u00f3n de su compra Arans Peluquer\u00eda y est\u00e9tica, S.L. le enviar\u00e1 un correo electr\u00f3nico para advertirle del tiempo estimado de espera y el cliente podr\u00e1 modificar su compra o esperar la misma, el tiempo de espera de un producto es de 8 d\u00edas h\u00e1biles m\u00e1ximo. Tras este tiempo procedemos a la devoluci\u00f3n del importe integral de su compra, anulando el cargo en su cuenta bancaria.<\/p>\n\n\n\n<p>4. POL\u00cdTICA DE VENTA.<\/p>\n\n\n\n<p>4.1 Todos los pedidos se realizan en internet exclusivamente a trav\u00e9s de la p\u00e1gina https:\/\/arans.estrategiaspublicarte.com\/wpnew\/, siguiendo las instrucciones se\u00f1aladas en la p\u00e1gina. El cliente debe declarar estar conforme con la informaci\u00f3n y haber aceptado las presentes condiciones generales de venta antes de la realizaci\u00f3n de su compra. Arans Peluquer\u00eda y est\u00e9tica, S.Ls enviar\u00e1 un correo electr\u00f3nico al Usuario, confirm\u00e1ndole la compra. Dicho correo electr\u00f3nico asignar\u00e1 un c\u00f3digo de referencia de la compra, y detallar\u00e1 las caracter\u00edsticas del Producto, su precio, los gastos de env\u00edo y los datos de las distintas opciones para efectuar el pago de los Productos a Arans Peluquer\u00eda y est\u00e9tica, S.L.<br>4.2 El Usuario que adquiera un producto a trav\u00e9s de la Tienda deber\u00e1 efectuar el pago mediante los sistemas de pago espec\u00edficamente detallados en la Tienda. El Pago de sus compras se realiza por adelantado. El cliente deber\u00e1 abonar el importe correspondiente a su pedido mediante PAGO CON PAYPAL, TRASFERENCIA BANCARIA, CONTRAREEMBOLSO O PAGO CON TARJETA DE CR\u00c9DITO \/ D\u00c9BITO (REDSYS).<\/p>\n\n\n\n<p>5. DEVOLUCIONES.<\/p>\n\n\n\n<p>5.1 Nuestra pol\u00edtica de devoluci\u00f3n es muy sencilla. Podr\u00e1s devolver cualquier art\u00edculo por las siguientes causas: Si el art\u00edculo presenta defectos de fabricaci\u00f3n. Si existe equivocaci\u00f3n nuestra en el art\u00edculo enviado, conservando la envoltura original y sin presentar muestras de maltrato.<br>5.2 T\u00b7 Nunca se devuelve un pedido porque has cambiado de opini\u00f3n y ya no quieres el producto.<br>5.3 Se pone de manifiesto que las fotograf\u00edas tienen un mero car\u00e1cter orientativo pudiendo existir variaciones en lo que a su aspecto f\u00edsico respecta.<br>5.4 Tampoco se aceptan devoluciones para cualquier art\u00edculo con signos de uso o manipulaci\u00f3n , en mal estado o sin embalaje original.<br>5.5 . Los costos de transporte de la devoluci\u00f3n corren a cargo del cliente.<\/p>\n\n\n\n<p>6. CANCELACIONES<\/p>\n\n\n\n<p>La cancelaci\u00f3n de inscripciones a eventos de pago debe ser realizada por la persona inscrita mediante email dirigido a aranspeluqueria@telecable.es<\/p>\n\n\n\n<p>Las&nbsp;<strong>tasas de devoluci\u00f3n<\/strong>&nbsp;son las siguientes:<\/p>\n\n\n\n<ul class=\"wp-block-list\"><li>Cancelaciones en el mismo d\u00eda de realizar el pedido, se reembolsar\u00e1 el 100% del importe de la compra,\u00a0excepto los gastos de gesti\u00f3n que pudiera ocasionar.<\/li><li>Cancelaciones con m\u00e1s de un d\u00eda natural tras realizar la compra, no dar\u00e1 derecho a devoluci\u00f3n alguna.<\/li><\/ul>\n\n\n\n<p>7. SERVICIO DE ATENCI\u00d3N AL CLIENTE.<\/p>\n\n\n\n<p>7.1 Para cualquier incidencia, reclamaci\u00f3n o ejercicio de sus derechos, el Usuario podr\u00e1 enviar un correo electr\u00f3nico a la direcci\u00f3n aranspeluqueria@telecable.es<\/p>\n\n\n\n<p>8. POL\u00cdTICA DE ENTREGA DE MERCANC\u00cdA.<\/p>\n\n\n\n<p>8.1 El \u00e1mbito territorial de las ventas a trav\u00e9s de la Tienda es exclusivamente para Espa\u00f1a Peninsular. Arans Peluquer\u00eda y est\u00e9tica, S.L no se responsabiliza de los problemas que pudieran surgir durante el proceso de trasporte ya que esta ser\u00e1 responsabilidad de la empresa transportista, debi\u00e9ndose resolver cualquier conflicto entre cliente\/empresa de trasportes. Preguntar para el resto de pa\u00edses. Los productos se entregar\u00e1n, en la direcci\u00f3n indicada por el cliente durante el proceso de realizaci\u00f3n del pedido, una vez comprobado el pago, siendo el plazo m\u00e1ximo de entrega el de seis (6) d\u00edas establecido por defecto en la Ley.<br>8.2 El servicio de entrega de Arans Peluquer\u00eda y est\u00e9tica, S.L , se realiza en colaboraci\u00f3n con distintos operadores log\u00edsticos. No se servir\u00e1n pedidos en Apartados de Correos ni en hoteles u otras direcciones no permanentes.<br>8.3 El coste de los env\u00edos es gratuito.<br>8.4 Momento de la entrega y problemas. Cada entrega se considera efectuada a partir de la puesta a disposici\u00f3n del producto al cliente por parte de la empresa transportista, materializado por el sistema de control utilizado por \u00e9sta. La entrega de la mercanc\u00eda se realizar\u00e1 en el domicilio designado por el remitente, salvo por reiterada ausencia del destinatario. En caso de ausencia del destinatario se dejar\u00e1 aviso del intento de entrega, as\u00ed como de la forma de acordar la misma. La no entrega de la mercanc\u00eda transportada por ausencia o reh\u00fase del destinatario, deficiencia de sus datos o impago de las cantidades derivadas del porte realizado, ser\u00e1 responsabilidad del cliente solicitante del producto, quien vendr\u00e1 obligado a soportar, a su cargo, todos los gastos de dicha incidencia, incluidos, en su caso, los gastos de dep\u00f3sito, el precio y dem\u00e1s gastos del porte de la mercanc\u00eda producidos en su retorno a origen o posteriores entregas, y la repercusi\u00f3n del seguro correspondiente. Corresponde al destinatario comprobar el pedido en el momento de la entrega. En caso de problemas de entrega o si el producto estuviera deteriorado, debe obligatoriamente notificar al transportista por carta certificada explicando el estado del producto y de su embalaje en un plazo de veinticuatro horas siguientes a la entrega del producto. Usted debe, al mismo tiempo, informarnos de ello a trav\u00e9s de nuestro Servicio de Atenci\u00f3n al Cliente.<br>8.5 Conformidad de los productos. Si en el plazo 24 horas tras su llegada a domicilio no presenta ninguna reclamaci\u00f3n a nuestro departamento de atenci\u00f3n al cliente. Arans Peluquer\u00eda y est\u00e9tica, S.L da por finalizada la responsabilidad del producto.<\/p>\n\n\n\n<p>9. GARANT\u00cdA DE LOS PRODUCTOS \u2013 RESPONSABILIDAD.<\/p>\n\n\n\n<p>9.1 Los productos ofrecidos en https:\/\/arans.estrategiaspublicarte.com\/wpnew\/ est\u00e1n conformes con la legislaci\u00f3n espa\u00f1ola. Las presentes condiciones de uso se interpretar\u00e1n conforme a dicha legislaci\u00f3n.<br>9.2 Las fotograf\u00edas y los textos reproducidos que ilustran los productos ofrecidos son comunicados a t\u00edtulo ilustrativo, y no pueden comprometer la responsabilidad de Arans Peluquer\u00eda y est\u00e9tica, S.L que es responsable s\u00f3lo del contenido de las p\u00e1ginas que edita.<br>9.3 La responsabilidad de Arans Peluquer\u00eda y est\u00e9tica, S.L quedar\u00e1 limitada al importe del pedido y no se ver\u00e1 comprometida por simples errores u omisiones que hayan podido tener lugar, cuando se hayan tomado todas las precauciones necesarias.<br>9.4 Arans Peluquer\u00eda y est\u00e9tica, S.L no se hace responsable del incumplimiento del contrato suscrito en caso de fuerza mayor, inundaciones e incendios, indisponibilidad del producto, interrupci\u00f3n de la actividad, de huelga total o parcial del sector o de los servicios postales, medios de transporte y comunicaciones.<\/p>\n\n\n\n<p>10. PROPIEDAD INTELECTUAL E INDUSTRIAL.<\/p>\n\n\n\n<p>10.1 El Usuario reconoce que todos los elementos de la Tienda y de cada uno de los Productos, la informaci\u00f3n y materiales contenidos en los mismos, las marcas, la estructura, selecci\u00f3n, ordenaci\u00f3n y presentaci\u00f3n de sus contenidos, y los programas de ordenador utilizados en relaci\u00f3n con ellos, est\u00e1n protegidos por derechos de propiedad intelectual e industrial de la propia Arans Peluquer\u00eda y est\u00e9tica, S.L o de terceros, y que las Condiciones Generales no le atribuyen respecto a dichos derechos de propiedad industrial e intelectual ning\u00fan otro derecho distinto de los espec\u00edficamente contemplados en las mismas.<br>10.2 Salvo que fuera autorizado por Arans Peluquer\u00eda y est\u00e9tica, S.L o en su caso por los terceros titulares de los derechos correspondientes, o a menos que ello resulte legalmente permitido, el Usuario no podr\u00e1 reproducir, transformar, modificar, desensamblar, realizar ingenier\u00eda inversa, distribuir, alquilar, prestar, poner a disposici\u00f3n, o permitir el acceso al p\u00fablico a trav\u00e9s de cualquier modalidad de comunicaci\u00f3n p\u00fablica de ninguno de los elementos referidos en el p\u00e1rrafo anterior. El Usuario deber\u00e1 utilizar los materiales, elementos e informaci\u00f3n a la que acceda a trav\u00e9s de la utilizaci\u00f3n de la Tienda \u00fanicamente para sus propias necesidades, oblig\u00e1ndose a no realizar ni directa ni indirectamente una explotaci\u00f3n comercial de los materiales, elementos e informaci\u00f3n obtenidos a trav\u00e9s de los mismos.<br>10.3 El Usuario deber\u00e1 abstenerse de eludir o manipular cualesquiera dispositivos t\u00e9cnicos establecidos por https:\/\/arans.estrategiaspublicarte.com\/wpnew\/ o por terceros en la Tienda.<\/p>\n\n\n\n<p>11. PROTECCI\u00d3N DE DATOS.<\/p>\n\n\n\n<p>11.1 En cumplimiento de la Ley 15\/99 LOPD, le informamos que sus datos personales y dem\u00e1s informaci\u00f3n facilitada mediante el formulario de inscripci\u00f3n, as\u00ed como la procedente de las transacciones realizadas, ser\u00e1 incluida y conservada en un fichero para su tratamiento, propiedad de Arans Peluquer\u00eda y est\u00e9tica, S.L, mientras no se solicite su cancelaci\u00f3n. El tratamiento se destinar\u00e1 al desarrollo y ejecuci\u00f3n de la venta, la atenci\u00f3n personalizada de los productos y servicios que adquiera y a la mejora de dicha atenci\u00f3n, as\u00ed como a la promoci\u00f3n de productos y servicios propios y de terceras empresas vinculadas a Arans Peluquer\u00eda y est\u00e9tica, S.L. El usuario autoriza expresamente a Arans Peluquer\u00eda y est\u00e9tica, S.L la remisi\u00f3n, incluso a trav\u00e9s de medios electr\u00f3nicos, por parte de Arans Peluquer\u00eda y est\u00e9tica, S.L y de las citadas entidades, de comunicaciones comerciales y ofertas y concursos promocionales<br>11.2 El Usuario podr\u00e1 ejercer en cualquier momento los derechos de acceso, rectificaci\u00f3n, oposici\u00f3n o cancelaci\u00f3n mediante correo electr\u00f3nico dirigido a aranspeluqueria@telecable.es<br>11.3 Las respuestas marcadas con * en el formulario de inscripci\u00f3n tienen car\u00e1cter obligatorio. Su no contestaci\u00f3n impedir\u00e1 que se pueda realizar la compra de los productos seleccionados.<\/p>\n\n\n\n<p>12. CONTRASE\u00d1AS.<\/p>\n\n\n\n<p>12.1 Arans Peluquer\u00eda y est\u00e9tica, S.L facilitar\u00e1 el uso de contrase\u00f1as personales al usuario que se registre como tal en el sitio web. Dichas contrase\u00f1as servir\u00e1n para el acceso a los servicios prestados por medio del Sitio Web. El usuario deber\u00e1 mantener bajo su exclusiva responsabilidad las contrase\u00f1as en la m\u00e1s estricta y absoluta confidencialidad, asumiendo, por tanto, cuantos da\u00f1os o consecuencias de todo tipo se deriven del quebrantamiento o revelaci\u00f3n del secreto. Por razones de seguridad, la contrase\u00f1a de acceso telem\u00e1tico a los servicios vinculados al Sitio Web podr\u00e1 ser modificada en todo momento por el usuario. El Usuario se compromete a notificar a Arans Peluquer\u00eda y est\u00e9tica, S.L de forma inmediata cualquier uso no autorizado de su contrase\u00f1a, as\u00ed como el acceso por terceros no autorizados a la misma.<\/p>\n\n\n\n<p>13. COOKIES.<\/p>\n\n\n\n<p>13.1 Arans Peluquer\u00eda y est\u00e9tica, S.L utiliza cookies con el fin de mejorar sus servicios, facilitar la navegaci\u00f3n, mantener la seguridad, verificar la identidad del Usuario, facilitar el acceso a las preferencias personales y seguir su uso de la Tienda. Las cookies son archivos instalados en el disco duro del ordenador o bien en la memoria del navegador en la carpeta pre configurada por el sistema operativo del ordenador del Usuario para identificarle.<br>13.2 Si el Usuario no desea que se instale en su disco duro una cookie, deber\u00e1 configurar su programa de navegaci\u00f3n por Internet para no recibirlas. Igualmente, el Usuario podr\u00e1 destruir las cookies libremente. En caso de que el Usuario decida desactivar las cookies, la calidad y rapidez del servicio pueden disminuir e, incluso, perder\u00e1 el acceso a algunos de los servicios ofrecidos en la Tienda.<\/p>\n\n\n\n<p>14. LEY APLICABLE Y FUERO.<\/p>\n\n\n\n<p>14.1 Las presentes condiciones generales se rigen por la legislaci\u00f3n espa\u00f1ola. Cualquier controversia surgida de la interpretaci\u00f3n o ejecuci\u00f3n que pudieran surgir en relaci\u00f3n con la validez, interpretaci\u00f3n, cumplimiento o resoluci\u00f3n del presente contrato se someter\u00e1 a la Jurisdicci\u00f3n y Competencia de los Juzgados y Tribunales de la Ciudad de Asturias, con renuncia al fuero que pudiera corresponder al Usuario, siempre que la legislaci\u00f3n aplicable as\u00ed lo permita.<\/p>\n\n\n\n<p>AVISO LEGAL<\/p>\n\n\n\n<p>El presente aviso legal regula el uso del portal de Internet \u201chttps:\/\/arans.estrategiaspublicarte.com\/wpnew\/\u201d. Con su utilizaci\u00f3n usted acepta las condiciones de uso.<\/p>\n","protected":false},"excerpt":{"rendered":"<p>1. OBJETO Y GENERALIDADES. 1.1 Las presentes Condiciones Generales regular\u00e1n expresamente las relaciones surgidas entre https:\/\/arans.estrategiaspublicarte.com\/wpnew\/y los terceros (en adelante,&#8230;<\/p>\n","protected":false},"author":1,"featured_media":0,"parent":0,"menu_order":0,"comment_status":"closed","ping_status":"closed","template":"","meta":{"footnotes":""},"class_list":["post-1182","page","type-page","status-publish","hentry"],"yoast_head":"<!-- This site is optimized with the Yoast SEO plugin v27.6 - https:\/\/yoast.com\/product\/yoast-seo-wordpress\/ -->\n<title>T\u00e9rminos y Condiciones de la web - Depilaci\u00f3n Laser Arans<\/title>\n<meta name=\"robots\" content=\"index, follow, max-snippet:-1, max-image-preview:large, max-video-preview:-1\" \/>\n<link rel=\"canonical\" href=\"https:\/\/arans.estrategiaspublicarte.com\/wpnew\/terminos-y-condiciones-de-la-web\/\" \/>\n<meta property=\"og:locale\" content=\"es_ES\" \/>\n<meta property=\"og:type\" content=\"article\" \/>\n<meta property=\"og:title\" content=\"T\u00e9rminos y Condiciones de la web - Depilaci\u00f3n Laser Arans\" \/>\n<meta property=\"og:description\" content=\"1. OBJETO Y GENERALIDADES. 1.1 Las presentes Condiciones Generales regular\u00e1n expresamente las relaciones surgidas entre https:\/\/arans.estrategiaspublicarte.com\/wpnew\/y los terceros (en adelante,...\" \/>\n<meta property=\"og:url\" content=\"https:\/\/arans.estrategiaspublicarte.com\/wpnew\/terminos-y-condiciones-de-la-web\/\" \/>\n<meta property=\"og:site_name\" content=\"Depilaci\u00f3n Laser Arans\" \/>\n<meta property=\"article:modified_time\" content=\"2021-01-26T13:13:32+00:00\" \/>\n<meta name=\"twitter:card\" content=\"summary_large_image\" \/>\n<meta name=\"twitter:label1\" content=\"Tiempo de lectura\" \/>\n\t<meta name=\"twitter:data1\" content=\"10 minutos\" \/>\n<script type=\"application\/ld+json\" class=\"yoast-schema-graph\">{\"@context\":\"https:\\\/\\\/schema.org\",\"@graph\":[{\"@type\":\"WebPage\",\"@id\":\"https:\\\/\\\/arans.estrategiaspublicarte.com\\\/wpnew\\\/terminos-y-condiciones-de-la-web\\\/\",\"url\":\"https:\\\/\\\/arans.estrategiaspublicarte.com\\\/wpnew\\\/terminos-y-condiciones-de-la-web\\\/\",\"name\":\"T\u00e9rminos y Condiciones de la web - Depilaci\u00f3n Laser Arans\",\"isPartOf\":{\"@id\":\"https:\\\/\\\/arans.estrategiaspublicarte.com\\\/wpnew\\\/#website\"},\"datePublished\":\"2020-12-29T09:39:53+00:00\",\"dateModified\":\"2021-01-26T13:13:32+00:00\",\"breadcrumb\":{\"@id\":\"https:\\\/\\\/arans.estrategiaspublicarte.com\\\/wpnew\\\/terminos-y-condiciones-de-la-web\\\/#breadcrumb\"},\"inLanguage\":\"es\",\"potentialAction\":[{\"@type\":\"ReadAction\",\"target\":[\"https:\\\/\\\/arans.estrategiaspublicarte.com\\\/wpnew\\\/terminos-y-condiciones-de-la-web\\\/\"]}]},{\"@type\":\"BreadcrumbList\",\"@id\":\"https:\\\/\\\/arans.estrategiaspublicarte.com\\\/wpnew\\\/terminos-y-condiciones-de-la-web\\\/#breadcrumb\",\"itemListElement\":[{\"@type\":\"ListItem\",\"position\":1,\"name\":\"Portada\",\"item\":\"https:\\\/\\\/arans.estrategiaspublicarte.com\\\/wpnew\\\/\"},{\"@type\":\"ListItem\",\"position\":2,\"name\":\"T\u00e9rminos y Condiciones de la web\"}]},{\"@type\":\"WebSite\",\"@id\":\"https:\\\/\\\/arans.estrategiaspublicarte.com\\\/wpnew\\\/#website\",\"url\":\"https:\\\/\\\/arans.estrategiaspublicarte.com\\\/wpnew\\\/\",\"name\":\"Depilaci\u00f3n Laser Arans\",\"description\":\"Centro M\u00e9dico Est\u00e9tico Avil\u00e9s. Belleza y Salud\",\"potentialAction\":[{\"@type\":\"SearchAction\",\"target\":{\"@type\":\"EntryPoint\",\"urlTemplate\":\"https:\\\/\\\/arans.estrategiaspublicarte.com\\\/wpnew\\\/?s={search_term_string}\"},\"query-input\":{\"@type\":\"PropertyValueSpecification\",\"valueRequired\":true,\"valueName\":\"search_term_string\"}}],\"inLanguage\":\"es\"}]}<\/script>\n<!-- \/ Yoast SEO plugin. -->","yoast_head_json":{"title":"T\u00e9rminos y Condiciones de la web - Depilaci\u00f3n Laser Arans","robots":{"index":"index","follow":"follow","max-snippet":"max-snippet:-1","max-image-preview":"max-image-preview:large","max-video-preview":"max-video-preview:-1"},"canonical":"https:\/\/arans.estrategiaspublicarte.com\/wpnew\/terminos-y-condiciones-de-la-web\/","og_locale":"es_ES","og_type":"article","og_title":"T\u00e9rminos y Condiciones de la web - Depilaci\u00f3n Laser Arans","og_description":"1. OBJETO Y GENERALIDADES. 1.1 Las presentes Condiciones Generales regular\u00e1n expresamente las relaciones surgidas entre https:\/\/arans.estrategiaspublicarte.com\/wpnew\/y los terceros (en adelante,...","og_url":"https:\/\/arans.estrategiaspublicarte.com\/wpnew\/terminos-y-condiciones-de-la-web\/","og_site_name":"Depilaci\u00f3n Laser Arans","article_modified_time":"2021-01-26T13:13:32+00:00","twitter_card":"summary_large_image","twitter_misc":{"Tiempo de lectura":"10 minutos"},"schema":{"@context":"https:\/\/schema.org","@graph":[{"@type":"WebPage","@id":"https:\/\/arans.estrategiaspublicarte.com\/wpnew\/terminos-y-condiciones-de-la-web\/","url":"https:\/\/arans.estrategiaspublicarte.com\/wpnew\/terminos-y-condiciones-de-la-web\/","name":"T\u00e9rminos y Condiciones de la web - Depilaci\u00f3n Laser Arans","isPartOf":{"@id":"https:\/\/arans.estrategiaspublicarte.com\/wpnew\/#website"},"datePublished":"2020-12-29T09:39:53+00:00","dateModified":"2021-01-26T13:13:32+00:00","breadcrumb":{"@id":"https:\/\/arans.estrategiaspublicarte.com\/wpnew\/terminos-y-condiciones-de-la-web\/#breadcrumb"},"inLanguage":"es","potentialAction":[{"@type":"ReadAction","target":["https:\/\/arans.estrategiaspublicarte.com\/wpnew\/terminos-y-condiciones-de-la-web\/"]}]},{"@type":"BreadcrumbList","@id":"https:\/\/arans.estrategiaspublicarte.com\/wpnew\/terminos-y-condiciones-de-la-web\/#breadcrumb","itemListElement":[{"@type":"ListItem","position":1,"name":"Portada","item":"https:\/\/arans.estrategiaspublicarte.com\/wpnew\/"},{"@type":"ListItem","position":2,"name":"T\u00e9rminos y Condiciones de la web"}]},{"@type":"WebSite","@id":"https:\/\/arans.estrategiaspublicarte.com\/wpnew\/#website","url":"https:\/\/arans.estrategiaspublicarte.com\/wpnew\/","name":"Depilaci\u00f3n Laser Arans","description":"Centro M\u00e9dico Est\u00e9tico Avil\u00e9s. Belleza y Salud","potentialAction":[{"@type":"SearchAction","target":{"@type":"EntryPoint","urlTemplate":"https:\/\/arans.estrategiaspublicarte.com\/wpnew\/?s={search_term_string}"},"query-input":{"@type":"PropertyValueSpecification","valueRequired":true,"valueName":"search_term_string"}}],"inLanguage":"es"}]}},"_links":{"self":[{"href":"https:\/\/arans.estrategiaspublicarte.com\/wpnew\/wp-json\/wp\/v2\/pages\/1182","targetHints":{"allow":["GET"]}}],"collection":[{"href":"https:\/\/arans.estrategiaspublicarte.com\/wpnew\/wp-json\/wp\/v2\/pages"}],"about":[{"href":"https:\/\/arans.estrategiaspublicarte.com\/wpnew\/wp-json\/wp\/v2\/types\/page"}],"author":[{"embeddable":true,"href":"https:\/\/arans.estrategiaspublicarte.com\/wpnew\/wp-json\/wp\/v2\/users\/1"}],"replies":[{"embeddable":true,"href":"https:\/\/arans.estrategiaspublicarte.com\/wpnew\/wp-json\/wp\/v2\/comments?post=1182"}],"version-history":[{"count":5,"href":"https:\/\/arans.estrategiaspublicarte.com\/wpnew\/wp-json\/wp\/v2\/pages\/1182\/revisions"}],"predecessor-version":[{"id":4166,"href":"https:\/\/arans.estrategiaspublicarte.com\/wpnew\/wp-json\/wp\/v2\/pages\/1182\/revisions\/4166"}],"wp:attachment":[{"href":"https:\/\/arans.estrategiaspublicarte.com\/wpnew\/wp-json\/wp\/v2\/media?parent=1182"}],"curies":[{"name":"wp","href":"https:\/\/api.w.org\/{rel}","templated":true}]}}